{"version":"1.0","provider_name":"Pagine Ebraiche International","provider_url":"https:\/\/moked.it\/international","title":"Die Verh\u00fctung der V\u00f6lkermorde - Pagine Ebraiche International","type":"rich","width":600,"height":338,"html":"<blockquote class=\"wp-embedded-content\" data-secret=\"ucEHgXRPil\"><a href=\"https:\/\/moked.it\/international\/2021\/02\/08\/die-verhutung-der-volkermorde\/\">Die Verh\u00fctung der V\u00f6lkermorde<\/a><\/blockquote><iframe sandbox=\"allow-scripts\" security=\"restricted\" src=\"https:\/\/moked.it\/international\/2021\/02\/08\/die-verhutung-der-volkermorde\/embed\/#?secret=ucEHgXRPil\" width=\"600\" height=\"338\" title=\"&#8220;Die Verh\u00fctung der V\u00f6lkermorde&#8221; &#8212; Pagine Ebraiche International\" data-secret=\"ucEHgXRPil\" frameborder=\"0\" marginwidth=\"0\" marginheight=\"0\" scrolling=\"no\" class=\"wp-embedded-content\"><\/iframe><script type=\"text\/javascript\">\n\/* <![CDATA[ *\/\n\/*! This file is auto-generated *\/\n!function(d,l){\"use strict\";l.querySelector&&d.addEventListener&&\"undefined\"!=typeof URL&&(d.wp=d.wp||{},d.wp.receiveEmbedMessage||(d.wp.receiveEmbedMessage=function(e){var t=e.data;if((t||t.secret||t.message||t.value)&&!\/[^a-zA-Z0-9]\/.test(t.secret)){for(var s,r,n,a=l.querySelectorAll('iframe[data-secret=\"'+t.secret+'\"]'),o=l.querySelectorAll('blockquote[data-secret=\"'+t.secret+'\"]'),c=new RegExp(\"^https?:$\",\"i\"),i=0;i<o.length;i++)o[i].style.display=\"none\";for(i=0;i<a.length;i++)s=a[i],e.source===s.contentWindow&&(s.removeAttribute(\"style\"),\"height\"===t.message?(1e3<(r=parseInt(t.value,10))?r=1e3:~~r<200&&(r=200),s.height=r):\"link\"===t.message&&(r=new URL(s.getAttribute(\"src\")),n=new URL(t.value),c.test(n.protocol))&&n.host===r.host&&l.activeElement===s&&(d.top.location.href=t.value))}},d.addEventListener(\"message\",d.wp.receiveEmbedMessage,!1),l.addEventListener(\"DOMContentLoaded\",function(){for(var e,t,s=l.querySelectorAll(\"iframe.wp-embedded-content\"),r=0;r<s.length;r++)(t=(e=s[r]).getAttribute(\"data-secret\"))||(t=Math.random().toString(36).substring(2,12),e.src+=\"#?secret=\"+t,e.setAttribute(\"data-secret\",t)),e.contentWindow.postMessage({message:\"ready\",secret:t},\"*\")},!1)))}(window,document);\n\/* ]]> *\/\n<\/script>\n","description":"Von Anna Foa* Anl\u00e4sslich des Tages des Gedenkens an die Opfer des Holocausts, am 27. Januar, hat Gabriele Nissim, Pr\u00e4sident von Gariwo, drei Vorschl\u00e4ge vor dem Ausschuss f\u00fcr Ausw\u00e4rtige Angelegenheiten der Abgeordnetenkammer unterbreitet. Die Vorschl\u00e4ge betreffen die Verh\u00fctung und die Bestrafung der V\u00f6lkermorde und sind vom Ausschuss angenommen worden. Die Verh\u00fctung und die Bek\u00e4mpfung der&hellip; leggi&nbsp;","thumbnail_url":"http:\/\/moked.it\/international\/files\/2017\/12\/anna-foa-by-giovanni-montenero-300x211.png"}